{"id":789,"date":"2016-10-14T11:29:26","date_gmt":"2016-10-14T14:29:26","guid":{"rendered":"http:\/\/hr-pros.ca\/?page_id=789"},"modified":"2017-03-13T20:22:46","modified_gmt":"2017-03-13T23:22:46","slug":"ourteam","status":"publish","type":"page","link":"https:\/\/hr-pros.ca\/fr\/home\/ourteam\/","title":{"rendered":"(English) Our Team"},"content":{"rendered":"<p><strong>Articles \u2013 Contributions d\u2019experts<\/strong><\/p>\n<p>\u00ab\u00a0Don`t be left in the cold when the company is sold \u00bb \u00a0&#8211; <span style=\"color: #0000ff;\"><a title=\"Don`t be left in the cold when the company is sold.\" href=\"http:\/\/www.theglobeandmail.com\/report-on-business\/small-business\/sb-managing\/human-resources\/dont-be-left-in-the-cold-when-the-company-is-sold\/article4458825\/\" target=\"_blank\"><span style=\"color: #0000ff;\">num\u00e9ro du 7 ao\u00fbt 2012 du Globe and Mail<\/span><\/a><\/span>. \u00a0Tanya Sieliakus a \u00e9t\u00e9 interview\u00e9e pour cet article.<\/p>\n<p>\u00ab\u00a0The line between work and play\u00a0\u00bb \u2013\u00a0<span style=\"color: #0000ff;\"><a href=\"http:\/\/hr-pros.ca\/wp-content\/uploads\/2011\/11\/The-line-between-work-and-play-_-The-Chronicle-Herald.pdf\"><span style=\"color: #0000ff;\">num\u00e9ro du 15 novembre 2011 du Chronicle Herald<\/span><\/a><\/span>. Tanya Sieliakus a \u00e9t\u00e9 interview\u00e9e pour cet article.<\/p>\n<p>\u00ab\u00a0Whole Foods Plays it cool\u00a0\u00bb \u2013 <span style=\"color: #0000ff;\"><a href=\"http:\/\/hr-pros.ca\/wp-content\/uploads\/2011\/09\/HR-reporter-article-12-Sep.pdf\"><span style=\"color: #0000ff;\">num\u00e9ro du 12 septembre 2011 de Canadian HR Reporter<\/span><\/a>.<\/span> Tanya Sieliakus a offert son opinion d\u2019experte lors de la pr\u00e9paration de cet article.<\/p>\n<p><strong>Articles sur HR\u00a0pros<\/strong><\/p>\n<p>Excellence entrepreneuriale des PME.\u00a0<span style=\"color: #0000ff;\"><a title=\"HR pros a re\u00e7u le prix d'excellence entrepreneuriale le 26 octobre 2012\" href=\"http:\/\/www.lecourrier.com\/index.cfm?Sequence_No=66502&amp;Id=66502&amp;niveau=2&amp;Repertoire_No=-1331007414&amp;Voir=journal\" target=\"_blank\"><span style=\"color: #0000ff;\">Le Courrier de la Nouvelle-\u00c9cosse, 2 novembre 2012.<\/span><\/a><\/span><\/p>\n<p>Article sur HR\u00a0pros dans le<span style=\"color: #0000ff;\">\u00a0<a href=\"http:\/\/hr-pros.ca\/wp-content\/uploads\/2011\/09\/Metro-News-26-Sept-2011.pdf\"><span style=\"color: #0000ff;\">num\u00e9ro du 26 septembre 2011 de Metro Halifax<\/span><\/a><\/span>.<\/p>\n<p>\u00ab\u00a0Learn to be your own boss\u00a0\u00bb \u2013 <span style=\"color: #0000ff;\"><a href=\"http:\/\/www.metronews.ca\/halifax\/local\/article\/832364--learn-to-be-your-own-boss\"><span style=\"color: #0000ff;\">num\u00e9ro du 14 avril 2011 de Halifax Metro News<\/span><\/a><\/span><\/p>\n<p>\u00ab\u00a0New program helps francophone immigrants settle into Canadian Life\u00a0\u00bb\u00a0\u2013 <span style=\"color: #0000ff;\"><a href=\"http:\/\/www.halifaxnewsnet.ca\/News\/2010-12-16\/article-2048018\/New-program-helps-Francophone-immigrants-settle-into-Canadian-life\/1\"><span style=\"color: #0000ff;\">num\u00e9ro du 16 d\u00e9cembre 2010 de Halifax News Net<\/span><\/a><\/span><\/p>\n<p>\u00ab\u00a0\u201cNiche\u201d firm target small business\u00a0\u00bb \u2013 <span style=\"color: #0000ff;\"><a href=\"http:\/\/hr-pros.ca\/wp-content\/uploads\/2011\/02\/TCE_reprint_Copy-of-Canadian-Employer-April-2010.pdf\"><span style=\"color: #0000ff;\">num\u00e9ro d\u2019avril 2010 de Canadian Employer<\/span><\/a><\/span><\/p>\n<p>\u00ab\u00a0Meet HR\u00a0pros\u00a0\u00bb \u2013 <a href=\"http:\/\/www.orangea-peel.com\/images\/Mingle_Oct09.pdf\">num\u00e9ro de novembre 2009 de Mingle<\/a><\/p>\n<p>\u00ab\u00a0HR\u00a0pros\u00a0\u00bb \u2013 <span style=\"color: #0000ff;\"><a href=\"http:\/\/www.novascotialife.com\/chartermembers\/hr-pros\"><span style=\"color: #0000ff;\">Nova Scotia Come to Life<\/span><\/a><\/span><\/p>\n<p>Profil de Tanya Sieliakus \u2013 <a href=\"http:\/\/www.ednns.ca\/newsletters\/2009%20Volume%203.pdf\">bulletin d\u2019EDN de 2009, vol.\u00a03<\/a><\/p>\n<p>\u00ab\u00a0HR\u00a0pros business launch\u00a0\u00bb \u2013 <a href=\"http:\/\/www.snaphalifax.com\/index.php?option=com_sngevents&amp;id%5B%5D=88240\">num\u00e9ro de mai 2009 de SNAP Halifax<\/a>.<\/p>\n<p>\u00ab\u00a0Find our what\u2019s happening\u2026 in the ear\u00a0\u00bb \u2013 <a href=\"http:\/\/www.burnsidenews.com\/Columns\/2009-02-02\/article-897035\/Find-Out-Whats-Happening-In-The-Ear\/1\">num\u00e9ro du 2 f\u00e9vrier 2009 de The Burnside News<\/a><\/p>\n<p><strong>Communiqu\u00e9s de presse<\/strong><\/p>\n<p>27 \u00a0juin 2013.\u00a0<span style=\"color: #0000ff;\"><a title=\"Tanya Sieliakus joins the board of Entrepreneurs With Disabilities Network.\" href=\"http:\/\/prlog.org\/12164967\" target=\"_blank\"><span style=\"color: #0000ff;\">Dynamic HR Entrepreneur joins the Board of The Entrepreneurs with Disabilities Network<\/span><\/a><\/span>.<\/p>\n<p>28 novembre 2012:\u00a0<span style=\"color: #0000ff;\"><a title=\"Tanya Sieliakus obtains safety auditing techniques qualification\" href=\"http:\/\/www.prlog.org\/12032619-tanya-sieliakus-chrp-obtains-safety-auditing-techniques-qualification.html\" target=\"_blank\"><span style=\"color: #0000ff;\">Tanya Sieliakus, CHRP, Obtains Safety Auditing Techniques Qualification<\/span><\/a><\/span>.<\/p>\n<p><span style=\"font-size: 14px; color: #444444; line-height: 1.7;\">29 octobre 2012:\u00a0<\/span><span style=\"color: #0000ff;\"><a title=\"HR pros receive Award for Excellence in Entrepreneurship\" href=\"http:\/\/www.prlog.org\/12011278-hr-pros-incorporated-receives-award-for-excellence-in-entrepreneurship.html\" target=\"_blank\"><span style=\"color: #0000ff;\">HR pros incorporated receives Award for Excellence in Entrepreneurship<\/span><\/a><\/span><span style=\"font-size: 14px; color: #444444; line-height: 1.7;\">.<\/span><\/p>\n<p>8 mars 2011\u00a0: <span style=\"color: #0000ff;\">\u00ab\u00a0<a href=\"http:\/\/www.prlog.org\/11426159\"><span style=\"color: #0000ff;\">New Human Resources Advisor for Laing House<\/span><\/a>\u00a0\u00bb<\/span><\/p>\n<p>5 juillet 2010\u00a0: <span style=\"color: #0000ff;\">\u00ab\u00a0<a href=\"http:\/\/hr-pros.ca\/wp-content\/uploads\/2010\/07\/Press-release-Wayne-Adams-v1.pdf\"><span style=\"color: #0000ff;\">Wayne Adams rejoint HR\u00a0pros<\/span><\/a>\u00a0\u00bb<\/span><\/p>\n<p>9 juin 2010\u00a0: <span style=\"color: #0000ff;\"><a href=\"http:\/\/hr-pros.ca\/wp-content\/uploads\/2010\/07\/Press-release-Tanya-Sieliakus-ECMA-board.pdf\"><span style=\"color: #0000ff;\">\u00ab\u00a0Tanya Sieliakus au comit\u00e9 des ressources humaines du conseil de l\u2019AMCE\u00a0\u00bb<\/span><\/a><\/span><\/p>\n<p><strong>Articles publi\u00e9s<\/strong><\/p>\n<p>\u00ab\u00a0Summer is coming\u2026 will you hire a student?\u00a0\u00bb \u2013 <span style=\"color: #0000ff;\"><a href=\"http:\/\/islandbusnews.files.wordpress.com\/2012\/02\/island-bus-news-feb-edition.pdf\"><span style=\"color: #0000ff;\">Island Business News, num\u00e9ro d\u2019hiver 2012, vol.\u00a06, n\u02da\u00a01, page 14<\/span><\/a><\/span><\/p>\n<p>\u00ab\u00a0The Business of Holidays \u2013 To Bonus or Not\u00a0\u00bb \u2013 <span style=\"color: #0000ff;\"><a href=\"http:\/\/islandbusnews.files.wordpress.com\/2011\/11\/island-business-news_early-winter-edition2.pdf\"><span style=\"color: #0000ff;\">Island Business News, premier num\u00e9ro d\u2019hiver 2011 vol.\u00a05, n\u02da\u00a07, page 1<\/span><\/a><\/span><\/p>\n<p>\u00ab\u00a0Addiction: accommodating a disease or personal lifestyle choice?\u00a0\u00bb \u2013 <a href=\"http:\/\/www.burnsidenews.com\/Living\/Well-being\/2009-09-04\/article-896935\/Addiction%3A-accommodating-a-disease-or-personal-lifestyle-choice%3F\/1\">Burnside News, 4 septembre 2009<\/a><\/p>\n<p>\u00ab\u00a0Securit\u00e9 au travail\u00a0\u00bb \u2013 <a href=\"http:\/\/hr-pros.ca\/wp-content\/uploads\/2010\/01\/Progres-hiver-2009-2010.pdf\">Progr\u00e8s, hiver 2009\u20132010<\/a><\/p>\n<p>\u00ab\u00a0Summer Flex Hours\u00a0\u00bb \u2013 <a href=\"http:\/\/minglemag.ca\/old-articles\/julyaugust-2010\/loving-those-summer-flex-hours\/\">Mingle, juillet\/ao\u00fbt 2010<\/a><\/p>\n<p>\u00ab\u00a0Legally Speaking\u00a0\u00bb \u2013\u00a0<a href=\"http:\/\/minglemag.ca\/janfeb2011\/legally-speaking\/\">Mingle, janvier\/f\u00e9vrier 2011<\/a><\/p>\n<p><strong>Bulletin d\u2019informations<\/strong><\/p>\n<p>Pour vous abonner \u00e0 notre bulletin d\u2019informations, veuillez remplir le formulaire disponible sur <span style=\"color: #0000ff;\"><a href=\"http:\/\/hr-pros.ca\/fr\/news\/sign-up-for-newsletter\/\"><span style=\"color: #0000ff;\">cette page<\/span><\/a><\/span>. Vous pouvez vous d\u00e9sabonner \u00e0 tout moment.\u00a0Nous ne communiquerons vos renseignements personnels \u00e0 personne.<\/p>\n<p><strong>Anciens num\u00e9ros du bulletin d\u2019informations<\/strong><\/p>\n<p>Les anciens num\u00e9ros de notre bulletin mensuel sont disponibles<span style=\"color: #0000ff;\"> <a title=\"Bulletin d'information\" href=\"http:\/\/hr-pros.ca\/fr\/news\/previous-newsletters\/\"><span style=\"color: #0000ff;\">ici<\/span><\/a><\/span>.<\/p>","protected":false},"excerpt":{"rendered":"<p>Articles \u2013 Contributions d\u2019experts \u00ab\u00a0Don`t be left in the cold when the company is sold \u00bb \u00a0&#8211; num\u00e9ro du 7 ao\u00fbt 2012 du Globe and Mail. \u00a0Tanya Sieliakus a \u00e9t\u00e9 interview\u00e9e pour cet article. \u00ab\u00a0The line between work and play\u00a0\u00bb \u2013\u00a0num\u00e9ro du 15 novembre 2011 du Chronicle Herald. Tanya Sieliakus a \u00e9t\u00e9 interview\u00e9e pour cet [&hellip;]<\/p>\n","protected":false},"author":3,"featured_media":0,"parent":18,"menu_order":2,"comment_status":"closed","ping_status":"closed","template":"","meta":{"footnotes":""},"class_list":["post-789","page","type-page","status-publish","hentry"],"aioseo_notices":[],"_links":{"self":[{"href":"https:\/\/hr-pros.ca\/fr\/wp-json\/wp\/v2\/pages\/789","targetHints":{"allow":["GET"]}}],"collection":[{"href":"https:\/\/hr-pros.ca\/fr\/wp-json\/wp\/v2\/pages"}],"about":[{"href":"https:\/\/hr-pros.ca\/fr\/wp-json\/wp\/v2\/types\/page"}],"author":[{"embeddable":true,"href":"https:\/\/hr-pros.ca\/fr\/wp-json\/wp\/v2\/users\/3"}],"replies":[{"embeddable":true,"href":"https:\/\/hr-pros.ca\/fr\/wp-json\/wp\/v2\/comments?post=789"}],"version-history":[{"count":64,"href":"https:\/\/hr-pros.ca\/fr\/wp-json\/wp\/v2\/pages\/789\/revisions"}],"predecessor-version":[{"id":26413,"href":"https:\/\/hr-pros.ca\/fr\/wp-json\/wp\/v2\/pages\/789\/revisions\/26413"}],"up":[{"embeddable":true,"href":"https:\/\/hr-pros.ca\/fr\/wp-json\/wp\/v2\/pages\/18"}],"wp:attachment":[{"href":"https:\/\/hr-pros.ca\/fr\/wp-json\/wp\/v2\/media?parent=789"}],"curies":[{"name":"wp","href":"https:\/\/api.w.org\/{rel}","templated":true}]}}